{"id":1533,"date":"2022-02-22T04:00:30","date_gmt":"2022-02-22T04:00:30","guid":{"rendered":"http:\/\/diderot.ac.ke\/systeme-educatif\/"},"modified":"2022-11-01T09:19:45","modified_gmt":"2022-11-01T06:19:45","slug":"systeme-educatif","status":"publish","type":"page","link":"https:\/\/diderot.ac.ke\/fr\/systeme-educatif\/","title":{"rendered":"Syst\u00e8me \u00e9ducatif"},"content":{"rendered":"<div class=\"wpb-content-wrapper\">[vc_row thb_full_width=\u00a0\u00bbtrue\u00a0\u00bb thb_row_padding=\u00a0\u00bbtrue\u00a0\u00bb thb_column_padding=\u00a0\u00bbtrue\u00a0\u00bb css=\u00a0\u00bb.vc_custom_1648787828390{padding-top: 7vh !important;padding-bottom: 7vh !important;background: #94a0ac url(https:\/\/diderot.ac.ke\/wp-content\/uploads\/2022\/04\/bg_edu2.jpg?id=2278) !important;background-position: center !important;background-repeat: no-repeat !important;background-size: cover !important;}\u00a0\u00bb][vc_column][vc_row_inner][vc_column_inner offset=\u00a0\u00bbvc_col-lg-5 vc_col-md-7&Prime;]\t<div id=\"thb-slidetype-69f1711e50784\" class=\"thb-slidetype \" data-style=\"style2\">\n\t\t\n<h1><span class=\"thb-slidetype-entry\"><span class=\"lines\">Le syst\u00e8me \u00e9ducatif<\/span><\/span><\/h1>\n\t\t\t<\/div>\n\n\t[vc_empty_space height=\u00a0\u00bb12px\u00a0\u00bb][vc_column_text animation=\u00a0\u00bbanimation fade-in\u00a0\u00bb]Conform\u00e9ment aux principes du syst\u00e8me scolaire fran\u00e7ais, l&rsquo;\u00e9cole accueille les enfants <strong>\u00e0 partir de 2-3 ans<\/strong> .[\/vc_column_text][\/vc_column_inner][\/vc_row_inner][\/vc_column][\/vc_row][vc_section css=\u00a0\u00bb.vc_custom_1645332509712{padding-top: 7vh !important;padding-bottom: 7vh !important;}\u00a0\u00bb][vc_row][vc_column width=\u00a0\u00bb2\/3&Prime;]\t<div id=\"thb-slidetype-69f1711e5089c\" class=\"thb-slidetype about-title\" data-style=\"style2\">\n\t\t\n<h2><span class=\"thb-slidetype-entry\"><span class=\"lines\">Un syst\u00e8me scolaire reconnu<\/span><\/span><\/h2>\n\t\t\t<\/div>\n\n\t[vc_column_text animation=\u00a0\u00bbanimation bottom-to-top\u00a0\u00bb]\n<p style=\"text-align: justify;\"><span style=\"font-weight: 400;\">Le syst\u00e8me scolaire fran\u00e7ais est un syst\u00e8me internationalement reconnu pour ses qualit\u00e9s acad\u00e9miques. Il est b\u00e2ti sur certaines ambitions fondamentales : susciter l\u2019envie d\u2019apprendre, donner le go\u00fbt de l\u2019effort, porter attention \u00e0 chaque \u00e9l\u00e8ve, quelles que soient ses aptitudes.<\/span><\/p>\n<p style=\"text-align: justify;\"><span style=\"font-weight: 400;\">De la maternelle au baccalaur\u00e9at, nous donnons ainsi aux \u00e9l\u00e8ves tous les moyens d\u2019acqu\u00e9rir les comp\u00e9tences et les connaissances qu&rsquo;ils devront ma\u00eetriser, en encourageant leur autonomie, et en privil\u00e9giant des m\u00e9thodes innovantes.<\/span><\/p>\n<p style=\"text-align: justify;\"><span style=\"font-weight: 400;\">La p\u00e9dagogie s\u2019appuie notamment sur diff\u00e9rents supports num\u00e9riques. Chaque classe est par exemple \u00e9quip\u00e9e d\u2019un tableau num\u00e9rique.<\/span><\/p>\n[\/vc_column_text]\t<div id=\"thb-slidetype-69f1711e5095a\" class=\"thb-slidetype about-title\" data-style=\"style2\">\n\t\t\n<h2><span class=\"thb-slidetype-entry\"><span class=\"lines\">Le cursus scolaire fran\u00e7ais<\/span><\/span><\/h2>\n\t\t\t<\/div>\n\n\t[vc_single_image image=\u00a0\u00bb3643&Prime; img_size=\u00a0\u00bbfull\u00a0\u00bb alignment=\u00a0\u00bbcenter\u00a0\u00bb style=\u00a0\u00bbvc_box_border\u00a0\u00bb border_color=\u00a0\u00bbblack\u00a0\u00bb]\t<div id=\"thb-slidetype-69f1711e50a03\" class=\"thb-slidetype about-title\" data-style=\"style2\">\n\t\t\n<h2><span class=\"thb-slidetype-entry\"><span class=\"lines\">Une qualit\u00e9 d'enseignement garantie<\/span><\/span><\/h2>\n\t\t\t<\/div>\n\n\t[vc_column_text animation=\u00a0\u00bbanimation bottom-to-top\u00a0\u00bb]\n<p style=\"text-align: justify;\"><span style=\"font-weight: 400;\">L\u2019homologation du Lyc\u00e9e aupr\u00e8s de l\u2019AEFE garantit la qualit\u00e9 d\u2019une scolarit\u00e9 qui r\u00e9pond aux meilleurs standards fran\u00e7ais et internationaux. Les r\u00e9sultats obtenus par les \u00e9l\u00e8ves du lyc\u00e9e aux diff\u00e9rents examens en t\u00e9moignent : ils sont bien sup\u00e9rieurs aux moyennes habituelles.<\/span><\/p>\n<p style=\"text-align: justify;\"><span style=\"font-weight: 400;\">Cette excellence repose en premier lieu sur la qualit\u00e9 des enseignants. Ceux du lyc\u00e9e sont pour moiti\u00e9 des enseignants titulaires du Minist\u00e8re fran\u00e7ais de l\u2019\u00e9ducation nationale, mis \u00e0 disposition du lyc\u00e9e, et pour moiti\u00e9 des enseignants directement recrut\u00e9s par le lyc\u00e9e. Tous sont des professionnels dipl\u00f4m\u00e9s combinant les comp\u00e9tences p\u00e9dagogiques et disciplinaires requises, r\u00e9guli\u00e8rement actualis\u00e9es dans le cadre du programme de formation de l\u2019AEFE.<\/span><\/p>\n<p style=\"text-align: justify;\"><span style=\"font-weight: 400;\">L\u2019envie d\u2019apprendre et le go\u00fbt de l\u2019effort sont en outre stimul\u00e9s par la participation du Lyc\u00e9e \u00e0 de nombreuses comp\u00e9titions acad\u00e9miques (concours de maths, de sciences\u2026), les lyc\u00e9ens d\u2019un niveau exceptionnel \u00e9tant en outre r\u00e9guli\u00e8rement pr\u00e9sent\u00e9s aux \u00e9preuves du Concours g\u00e9n\u00e9ral, le prestigieux prix d\u2019excellence fran\u00e7ais.<\/span><\/p>\n[\/vc_column_text][\/vc_column][vc_column fixed=\u00a0\u00bbthb-fixed\u00a0\u00bb width=\u00a0\u00bb1\/3&Prime;][vc_widget_sidebar sidebar_id=\u00a0\u00bbcustom_widgets\u00a0\u00bb][\/vc_column][\/vc_row][\/vc_section]\n<\/div>","protected":false},"excerpt":{"rendered":"<p>[vc_row thb_full_width=\u00a0\u00bbtrue\u00a0\u00bb thb_row_padding=\u00a0\u00bbtrue\u00a0\u00bb thb_column_padding=\u00a0\u00bbtrue\u00a0\u00bb css=\u00a0\u00bb.vc_custom_1648787828390{padding-top: 7vh !important;padding-bottom: 7vh !important;background: #94a0ac url(https:\/\/diderot.ac.ke\/wp-content\/uploads\/2022\/04\/bg_edu2.jpg?id=2278) !important;background-position: center !important;background-repeat: no-repeat !important;background-size: cover !important;}\u00a0\u00bb][vc_column][vc_row_inner][vc_column_inner offset=\u00a0\u00bbvc_col-lg-5 vc_col-md-7&Prime;][vc_empty_space height=\u00a0\u00bb12px\u00a0\u00bb][vc_column_text animation=\u00a0\u00bbanimation fade-in\u00a0\u00bb]Conform\u00e9ment aux principes du syst\u00e8me scolaire fran\u00e7ais, l&rsquo;\u00e9cole accueille les enfants \u00e0 partir de 2-3 ans .[\/vc_column_text][\/vc_column_inner][\/vc_row_inner][\/vc_column][\/vc_row][vc_section css=\u00a0\u00bb.vc_custom_1645332509712{padding-top: 7vh !important;padding-bottom: 7vh !important;}\u00a0\u00bb][vc_row][vc_column width=\u00a0\u00bb2\/3&Prime;][vc_column_text animation=\u00a0\u00bbanimation bottom-to-top\u00a0\u00bb] Le syst\u00e8me scolaire fran\u00e7ais est un syst\u00e8me internationalement&hellip;<\/p>\n","protected":false},"author":1,"featured_media":0,"parent":0,"menu_order":0,"comment_status":"closed","ping_status":"closed","template":"page-default.php","meta":{"ngg_post_thumbnail":0,"footnotes":""},"class_list":["post-1533","page","type-page","status-publish","hentry"],"_links":{"self":[{"href":"https:\/\/diderot.ac.ke\/fr\/wp-json\/wp\/v2\/pages\/1533","targetHints":{"allow":["GET"]}}],"collection":[{"href":"https:\/\/diderot.ac.ke\/fr\/wp-json\/wp\/v2\/pages"}],"about":[{"href":"https:\/\/diderot.ac.ke\/fr\/wp-json\/wp\/v2\/types\/page"}],"author":[{"embeddable":true,"href":"https:\/\/diderot.ac.ke\/fr\/wp-json\/wp\/v2\/users\/1"}],"replies":[{"embeddable":true,"href":"https:\/\/diderot.ac.ke\/fr\/wp-json\/wp\/v2\/comments?post=1533"}],"version-history":[{"count":15,"href":"https:\/\/diderot.ac.ke\/fr\/wp-json\/wp\/v2\/pages\/1533\/revisions"}],"predecessor-version":[{"id":4795,"href":"https:\/\/diderot.ac.ke\/fr\/wp-json\/wp\/v2\/pages\/1533\/revisions\/4795"}],"wp:attachment":[{"href":"https:\/\/diderot.ac.ke\/fr\/wp-json\/wp\/v2\/media?parent=1533"}],"curies":[{"name":"wp","href":"https:\/\/api.w.org\/{rel}","templated":true}]}}